{"version":"1.0","provider_name":"Federa\u00e7\u00e3o de R\u00e1dio Taiss\u00f4 do Brasil","provider_url":"https:\/\/radiotaisso.com.br\/play","author_name":"Direto da Reda\u00e7\u00e3o","author_url":"https:\/\/radiotaisso.com.br\/play\/index.php\/author\/digiacomoprodutoragmail-com\/","title":"32\u00ba Festival de R\u00e1dio Taisso do Brasil - Federa\u00e7\u00e3o de R\u00e1dio Taiss\u00f4 do Brasil","type":"rich","width":600,"height":338,"html":"<blockquote class=\"wp-embedded-content\" data-secret=\"wO668TpBqG\"><a href=\"https:\/\/radiotaisso.com.br\/play\/index.php\/2025\/01\/03\/32o-festival-de-radio-taisso-do-brasil\/\">32\u00ba Festival de R\u00e1dio Taisso do Brasil<\/a><\/blockquote><iframe sandbox=\"allow-scripts\" security=\"restricted\" src=\"https:\/\/radiotaisso.com.br\/play\/index.php\/2025\/01\/03\/32o-festival-de-radio-taisso-do-brasil\/embed\/#?secret=wO668TpBqG\" width=\"600\" height=\"338\" title=\"&#8220;32\u00ba Festival de R\u00e1dio Taisso do Brasil&#8221; &#8212; Federa\u00e7\u00e3o de R\u00e1dio Taiss\u00f4 do Brasil\" data-secret=\"wO668TpBqG\" frameborder=\"0\" marginwidth=\"0\" marginheight=\"0\" scrolling=\"no\" class=\"wp-embedded-content\"><\/iframe><script type=\"text\/javascript\">\n\/* <![CDATA[ *\/\n\/*! This file is auto-generated *\/\n!function(d,l){\"use strict\";l.querySelector&&d.addEventListener&&\"undefined\"!=typeof URL&&(d.wp=d.wp||{},d.wp.receiveEmbedMessage||(d.wp.receiveEmbedMessage=function(e){var t=e.data;if((t||t.secret||t.message||t.value)&&!\/[^a-zA-Z0-9]\/.test(t.secret)){for(var s,r,n,a=l.querySelectorAll('iframe[data-secret=\"'+t.secret+'\"]'),o=l.querySelectorAll('blockquote[data-secret=\"'+t.secret+'\"]'),c=new RegExp(\"^https?:$\",\"i\"),i=0;i<o.length;i++)o[i].style.display=\"none\";for(i=0;i<a.length;i++)s=a[i],e.source===s.contentWindow&&(s.removeAttribute(\"style\"),\"height\"===t.message?(1e3<(r=parseInt(t.value,10))?r=1e3:~~r<200&&(r=200),s.height=r):\"link\"===t.message&&(r=new URL(s.getAttribute(\"src\")),n=new URL(t.value),c.test(n.protocol))&&n.host===r.host&&l.activeElement===s&&(d.top.location.href=t.value))}},d.addEventListener(\"message\",d.wp.receiveEmbedMessage,!1),l.addEventListener(\"DOMContentLoaded\",function(){for(var e,t,s=l.querySelectorAll(\"iframe.wp-embedded-content\"),r=0;r<s.length;r++)(t=(e=s[r]).getAttribute(\"data-secret\"))||(t=Math.random().toString(36).substring(2,12),e.src+=\"#?secret=\"+t,e.setAttribute(\"data-secret\",t)),e.contentWindow.postMessage({message:\"ready\",secret:t},\"*\")},!1)))}(window,document);\n\/\/# sourceURL=https:\/\/radiotaisso.com.br\/play\/wp-includes\/js\/wp-embed.min.js\n\/* ]]> *\/\n<\/script>\n","thumbnail_url":"https:\/\/radiotaisso.com.br\/play\/wp-content\/uploads\/2025\/01\/01.jpg","thumbnail_width":864,"thumbnail_height":619,"description":"106\u00ba Ano da imigra\u00e7\u00e3o japonesa. 36\u00ba Ano de funda\u00e7\u00e3o da FERTBRA. Dia Estadual da R\u00e1dio Taiss\u00f4. Dia Municipal da R\u00e1dio Taiss\u00f4. 32\u00ba Festival de R\u00e1dio Taiss\u00f4 do Brasil, no Parque do Ibirapuera, Avenida Rep\u00fablica do L\u00edbano, 1151, no dia 14\/06\/2014."}