{"id":70,"date":"2025-01-02T19:18:45","date_gmt":"2025-01-02T22:18:45","guid":{"rendered":"https:\/\/radiotaisso.com.br\/play\/?page_id=70"},"modified":"2025-01-09T11:44:36","modified_gmt":"2025-01-09T14:44:36","slug":"historia","status":"publish","type":"page","link":"https:\/\/radiotaisso.com.br\/play\/index.php\/historia\/","title":{"rendered":"Hist\u00f3ria"},"content":{"rendered":"\n<p><strong><em>GINASTICA R\u00cdTMICA R\u00c1DIO TAISS\u00d4<\/em><\/strong><\/p>\n\n\n\n<p class=\"has-text-color has-link-color wp-elements-1c071f20b3e3fa7c50654126c0938fa7\" style=\"color:#3366ff\"><strong><mark style=\"background-color:rgba(0, 0, 0, 0);color:#3366ff\" class=\"has-inline-color\">SIGNIFICADO<\/mark><\/strong><\/p>\n\n\n\n<blockquote class=\"wp-block-quote is-style-default is-layout-flow wp-block-quote-is-layout-flow\">\n<blockquote class=\"wp-block-quote is-layout-flow wp-block-quote-is-layout-flow\">\n<p><\/p>\n<\/blockquote>\n<cite>A palavra japonesa Taiss\u00f4 significa em portugu\u00eas Gin\u00e1stica, assim R\u00e1dio Taiss\u00f4 significa Gin\u00e1stica pelo R\u00e1dio. <\/cite><\/blockquote>\n\n\n\n<p><br>\u00c9 uma gin\u00e1stica oriunda do Jap\u00e3o, nasceu ap\u00f3s a primeira guerra mundial quando pela escassez de alimentos, o povo estava muito debilitado e doente. Na \u00e9poca o comando era feito pelas ondas do r\u00e1dio e por um professor de Educa\u00e7\u00e3o F\u00edsica, e as pessoas seguindo o comando faziam os exerc\u00edcios em suas casas ou nas pra\u00e7as. Hoje, ela \u00e9 transmitida pela Televis\u00e3o, pelo Youtube, Instagran, Lives. A gin\u00e1stica r\u00edtmica Radio Taiss\u00f4 \u00e9 uma gin\u00e1stica ritmica, moderada, aer\u00f3bica, pois tem por finalidade exercitar o corpo para desenvolv\u00ea-lo e fortific\u00e1-lo, e pela m\u00fasica manter a harmonia dos movimentos. \u00c9 um exerc\u00edcio f\u00edsico moderado, com a finalidade de desenvolver e manter a aptid\u00e3o f\u00edsica, de maneira suave e benigna. <br><br><\/p>\n\n\n\n<figure class=\"wp-block-gallery has-nested-images columns-default is-cropped wp-block-gallery-1 is-layout-flex wp-block-gallery-is-layout-flex\">\n<figure data-wp-context=\"{&quot;imageId&quot;:&quot;69f182f3659f6&quot;}\" data-wp-interactive=\"core\/image\" data-wp-key=\"69f182f3659f6\" class=\"wp-block-image size-full wp-lightbox-container\"><img fetchpriority=\"high\" decoding=\"async\" width=\"894\" height=\"333\" data-wp-class--hide=\"state.isContentHidden\" data-wp-class--show=\"state.isContentVisible\" data-wp-init=\"callbacks.setButtonStyles\" data-wp-on--click=\"actions.showLightbox\" data-wp-on--load=\"callbacks.setButtonStyles\" data-wp-on-window--resize=\"callbacks.setButtonStyles\" data-id=\"299\" src=\"http:\/\/radiotaisso.com.br\/play\/wp-content\/uploads\/2025\/01\/60.jpg\" alt=\"\" class=\"wp-image-299\" srcset=\"https:\/\/radiotaisso.com.br\/play\/wp-content\/uploads\/2025\/01\/60.jpg 894w, https:\/\/radiotaisso.com.br\/play\/wp-content\/uploads\/2025\/01\/60-300x112.jpg 300w, https:\/\/radiotaisso.com.br\/play\/wp-content\/uploads\/2025\/01\/60-768x286.jpg 768w\" sizes=\"(max-width: 894px) 100vw, 894px\" \/><button\n\t\t\tclass=\"lightbox-trigger\"\n\t\t\ttype=\"button\"\n\t\t\taria-haspopup=\"dialog\"\n\t\t\taria-label=\"Enlarge\"\n\t\t\tdata-wp-init=\"callbacks.initTriggerButton\"\n\t\t\tdata-wp-on--click=\"actions.showLightbox\"\n\t\t\tdata-wp-style--right=\"state.imageButtonRight\"\n\t\t\tdata-wp-style--top=\"state.imageButtonTop\"\n\t\t>\n\t\t\t<svg xmlns=\"http:\/\/www.w3.org\/2000\/svg\" width=\"12\" height=\"12\" fill=\"none\" viewBox=\"0 0 12 12\">\n\t\t\t\t<path fill=\"#fff\" d=\"M2 0a2 2 0 0 0-2 2v2h1.5V2a.5.5 0 0 1 .5-.5h2V0H2Zm2 10.5H2a.5.5 0 0 1-.5-.5V8H0v2a2 2 0 0 0 2 2h2v-1.5ZM8 12v-1.5h2a.5.5 0 0 0 .5-.5V8H12v2a2 2 0 0 1-2 2H8Zm2-12a2 2 0 0 1 2 2v2h-1.5V2a.5.5 0 0 0-.5-.5H8V0h2Z\" \/>\n\t\t\t<\/svg>\n\t\t<\/button><\/figure>\n\n\n\n<figure data-wp-context=\"{&quot;imageId&quot;:&quot;69f182f366277&quot;}\" data-wp-interactive=\"core\/image\" data-wp-key=\"69f182f366277\" class=\"wp-block-image size-large wp-lightbox-container\"><img decoding=\"async\" width=\"1024\" height=\"768\" data-wp-class--hide=\"state.isContentHidden\" data-wp-class--show=\"state.isContentVisible\" data-wp-init=\"callbacks.setButtonStyles\" data-wp-on--click=\"actions.showLightbox\" data-wp-on--load=\"callbacks.setButtonStyles\" data-wp-on-window--resize=\"callbacks.setButtonStyles\" data-id=\"74\" src=\"https:\/\/radiotaisso.com.br\/play\/wp-content\/uploads\/2025\/01\/445595749_765868972393193_1641968712993676447_n.jpg\" alt=\"\" class=\"wp-image-74\" srcset=\"https:\/\/radiotaisso.com.br\/play\/wp-content\/uploads\/2025\/01\/445595749_765868972393193_1641968712993676447_n.jpg 1024w, https:\/\/radiotaisso.com.br\/play\/wp-content\/uploads\/2025\/01\/445595749_765868972393193_1641968712993676447_n-300x225.jpg 300w, https:\/\/radiotaisso.com.br\/play\/wp-content\/uploads\/2025\/01\/445595749_765868972393193_1641968712993676447_n-768x576.jpg 768w\" sizes=\"(max-width: 1024px) 100vw, 1024px\" \/><button\n\t\t\tclass=\"lightbox-trigger\"\n\t\t\ttype=\"button\"\n\t\t\taria-haspopup=\"dialog\"\n\t\t\taria-label=\"Enlarge\"\n\t\t\tdata-wp-init=\"callbacks.initTriggerButton\"\n\t\t\tdata-wp-on--click=\"actions.showLightbox\"\n\t\t\tdata-wp-style--right=\"state.imageButtonRight\"\n\t\t\tdata-wp-style--top=\"state.imageButtonTop\"\n\t\t>\n\t\t\t<svg xmlns=\"http:\/\/www.w3.org\/2000\/svg\" width=\"12\" height=\"12\" fill=\"none\" viewBox=\"0 0 12 12\">\n\t\t\t\t<path fill=\"#fff\" d=\"M2 0a2 2 0 0 0-2 2v2h1.5V2a.5.5 0 0 1 .5-.5h2V0H2Zm2 10.5H2a.5.5 0 0 1-.5-.5V8H0v2a2 2 0 0 0 2 2h2v-1.5ZM8 12v-1.5h2a.5.5 0 0 0 .5-.5V8H12v2a2 2 0 0 1-2 2H8Zm2-12a2 2 0 0 1 2 2v2h-1.5V2a.5.5 0 0 0-.5-.5H8V0h2Z\" \/>\n\t\t\t<\/svg>\n\t\t<\/button><\/figure>\n<\/figure>\n\n\n\n<p><br><br><strong><mark style=\"background-color:rgba(0, 0, 0, 0);color:#3366ff\" class=\"has-inline-color\">ORIGEM<\/mark><\/strong><br><br>A Gin\u00e1stica R\u00edtmica R\u00e1dio Taiss\u00f4 teve in\u00edcio no Jap\u00e3o, em 1928, com a iniciativa do Departamento de Seguro Simplificado do Minist\u00e9rio das Comunica\u00e7\u00f5es e apoio da N.H.K. (Nippon Hosso Kyokai) para preven\u00e7\u00e3o de enfermidades da \u00e9poca; foi enviado um requerimento ao Minist\u00e9rio da Educa\u00e7\u00e3o e \u00e0 Associa\u00e7\u00e3o das Companhias de Seguros de Vida, solicitando o planejamento do formato dos movimentos de R\u00e1dio Taiss\u00f4 e a sua divulga\u00e7\u00e3o. Foram escolhidos especialistas no assunto para compor a Comiss\u00e3o Executiva, com os seguintes objetivos:<\/p>\n\n\n\n<p><strong>1 \u2013 Poder praticar a gin\u00e1stica em qualquer lugar, por qualquer pessoa, em qualquer tempo e hora;<\/strong><\/p>\n\n\n\n<p><strong>2 \u2013 Poder praticar com alegria, acompanhando a m\u00fasica e ao comando;<\/strong><\/p>\n\n\n\n<p><strong>3 \u2013 Poder praticar com simplicidade, sem instrumentos especiais.<\/strong><\/p>\n\n\n\n<p><br>A Gin\u00e1stica R\u00e1dio Taiss\u00f4 foi transmitida pela Emissora de R\u00e1dio no dia 01 de novembro de 1928, com o comando de um profissional e as pessoas praticavam em seus lares, ou nas pra\u00e7as p\u00fablicas. Em 1932, foi instituida a Gin\u00e1stica R\u00edtmica R\u00e1dio Taiss\u00f4 2, visando as pessoas da faixa et\u00e1ria entre 20 a 40 anos de idade. Em mar\u00e7o de 1956, foi composta e institu\u00edda a Can\u00e7\u00e3o do R\u00e1dio Taiss\u00f4. Em virtude do crescente aumento da popula\u00e7\u00e3o de idade avan\u00e7ada, foi elaborada e institu\u00edda, em 1998, uma outra modalidade de gin\u00e1stica denominada Gin\u00e1stica do Povo (Minna no Taiss\u00f4), que tem como princ\u00edpio a manuten\u00e7\u00e3o da sa\u00fade das pessoas da 3\u00aa idade. Atualmente no Jap\u00e3o, o incentivo e divulga\u00e7\u00e3o do R\u00e1dio Taiss\u00f4 s\u00e3o coordenadas pela Confedera\u00e7\u00e3o de R\u00e1dio Taiss\u00f4 do Jap\u00e3o e pela transmiss\u00e3o na televis\u00e3o pela N.H.K. ( Nippon Hosso Kyokai).<br><br><\/p>\n\n\n\n<figure class=\"wp-block-gallery has-nested-images columns-default is-cropped wp-block-gallery-2 is-layout-flex wp-block-gallery-is-layout-flex\">\n<figure data-wp-context=\"{&quot;imageId&quot;:&quot;69f182f366eac&quot;}\" data-wp-interactive=\"core\/image\" data-wp-key=\"69f182f366eac\" class=\"wp-block-image size-full wp-lightbox-container\"><img decoding=\"async\" width=\"960\" height=\"720\" data-wp-class--hide=\"state.isContentHidden\" data-wp-class--show=\"state.isContentVisible\" data-wp-init=\"callbacks.setButtonStyles\" data-wp-on--click=\"actions.showLightbox\" data-wp-on--load=\"callbacks.setButtonStyles\" data-wp-on-window--resize=\"callbacks.setButtonStyles\" data-id=\"616\" src=\"http:\/\/radiotaisso.com.br\/play\/wp-content\/uploads\/2025\/01\/469958380_876780594617925_2852159415107398920_n.jpg\" alt=\"\" class=\"wp-image-616\" srcset=\"https:\/\/radiotaisso.com.br\/play\/wp-content\/uploads\/2025\/01\/469958380_876780594617925_2852159415107398920_n.jpg 960w, https:\/\/radiotaisso.com.br\/play\/wp-content\/uploads\/2025\/01\/469958380_876780594617925_2852159415107398920_n-300x225.jpg 300w, https:\/\/radiotaisso.com.br\/play\/wp-content\/uploads\/2025\/01\/469958380_876780594617925_2852159415107398920_n-768x576.jpg 768w\" sizes=\"(max-width: 960px) 100vw, 960px\" \/><button\n\t\t\tclass=\"lightbox-trigger\"\n\t\t\ttype=\"button\"\n\t\t\taria-haspopup=\"dialog\"\n\t\t\taria-label=\"Enlarge\"\n\t\t\tdata-wp-init=\"callbacks.initTriggerButton\"\n\t\t\tdata-wp-on--click=\"actions.showLightbox\"\n\t\t\tdata-wp-style--right=\"state.imageButtonRight\"\n\t\t\tdata-wp-style--top=\"state.imageButtonTop\"\n\t\t>\n\t\t\t<svg xmlns=\"http:\/\/www.w3.org\/2000\/svg\" width=\"12\" height=\"12\" fill=\"none\" viewBox=\"0 0 12 12\">\n\t\t\t\t<path fill=\"#fff\" d=\"M2 0a2 2 0 0 0-2 2v2h1.5V2a.5.5 0 0 1 .5-.5h2V0H2Zm2 10.5H2a.5.5 0 0 1-.5-.5V8H0v2a2 2 0 0 0 2 2h2v-1.5ZM8 12v-1.5h2a.5.5 0 0 0 .5-.5V8H12v2a2 2 0 0 1-2 2H8Zm2-12a2 2 0 0 1 2 2v2h-1.5V2a.5.5 0 0 0-.5-.5H8V0h2Z\" \/>\n\t\t\t<\/svg>\n\t\t<\/button><\/figure>\n\n\n\n<figure data-wp-context=\"{&quot;imageId&quot;:&quot;69f182f36759e&quot;}\" data-wp-interactive=\"core\/image\" data-wp-key=\"69f182f36759e\" class=\"wp-block-image size-full wp-lightbox-container\"><img loading=\"lazy\" decoding=\"async\" width=\"558\" height=\"270\" data-wp-class--hide=\"state.isContentHidden\" data-wp-class--show=\"state.isContentVisible\" data-wp-init=\"callbacks.setButtonStyles\" data-wp-on--click=\"actions.showLightbox\" data-wp-on--load=\"callbacks.setButtonStyles\" data-wp-on-window--resize=\"callbacks.setButtonStyles\" data-id=\"348\" src=\"http:\/\/radiotaisso.com.br\/play\/wp-content\/uploads\/2025\/01\/91.jpg\" alt=\"\" class=\"wp-image-348\" srcset=\"https:\/\/radiotaisso.com.br\/play\/wp-content\/uploads\/2025\/01\/91.jpg 558w, https:\/\/radiotaisso.com.br\/play\/wp-content\/uploads\/2025\/01\/91-300x145.jpg 300w\" sizes=\"(max-width: 558px) 100vw, 558px\" \/><button\n\t\t\tclass=\"lightbox-trigger\"\n\t\t\ttype=\"button\"\n\t\t\taria-haspopup=\"dialog\"\n\t\t\taria-label=\"Enlarge\"\n\t\t\tdata-wp-init=\"callbacks.initTriggerButton\"\n\t\t\tdata-wp-on--click=\"actions.showLightbox\"\n\t\t\tdata-wp-style--right=\"state.imageButtonRight\"\n\t\t\tdata-wp-style--top=\"state.imageButtonTop\"\n\t\t>\n\t\t\t<svg xmlns=\"http:\/\/www.w3.org\/2000\/svg\" width=\"12\" height=\"12\" fill=\"none\" viewBox=\"0 0 12 12\">\n\t\t\t\t<path fill=\"#fff\" d=\"M2 0a2 2 0 0 0-2 2v2h1.5V2a.5.5 0 0 1 .5-.5h2V0H2Zm2 10.5H2a.5.5 0 0 1-.5-.5V8H0v2a2 2 0 0 0 2 2h2v-1.5ZM8 12v-1.5h2a.5.5 0 0 0 .5-.5V8H12v2a2 2 0 0 1-2 2H8Zm2-12a2 2 0 0 1 2 2v2h-1.5V2a.5.5 0 0 0-.5-.5H8V0h2Z\" \/>\n\t\t\t<\/svg>\n\t\t<\/button><\/figure>\n<\/figure>\n\n\n\n<p><br><br><strong><mark style=\"background-color:rgba(0, 0, 0, 0);color:#3366ff\" class=\"has-inline-color\">RADIO TAISS\u00d4 NO BRASIL<\/mark><\/strong><br><br>No Brasil, em 01 de outubro de 1978 formou-se a primeiro grupo de R\u00e1dio Taiss\u00f4, como Divis\u00e3o da Associa\u00e7\u00e3o dos Lojistas da Liberdade, em S\u00e3o Paulo. Em 25 de janeiro de 1985, deu in\u00edcio a Associa\u00e7\u00e3o de R\u00e1dio Taiss\u00f4 de S\u00e3o Paulo. Em 20 de mar\u00e7o de 1991, a raz\u00e3o social da Associa\u00e7\u00e3o de R\u00e1dio Taiss\u00f4 de S\u00e3o Paulo foi alterada para: FEDERA\u00c7\u00c3O DE R\u00c1DIO TAISS\u00d4 DO BRASIL (FERTBRA). Em 28 de dezembro de 1994, foi sancionado o DIA MUNICIPAL DE R\u00c1DIO TAISS\u00d4 para o dia 18 de JUNHO, Lei Municipal 11.701. Em 14 de mar\u00e7o de 1996, foi sancionado o DIA ESTADUAL DE R\u00c1DIO TAISS\u00d4, comemorado no dia 18 de JUNHO, pela Lei 9.345. Em 10 de setembro de 2018, o Conselho Regional de Educa\u00e7\u00e3o F\u00edsica da 4\u00aa regi\u00e3o \u2013 Estado de S\u00e3o Paulo, homenageou a Federa\u00e7\u00e3o de R\u00e1dio Taiss\u00f4 do Brasil com a COMENDA BENEM\u00c9RITA DO ESTADO DE S\u00c3O PAULO CREF 4\/SP e a MEDALHA DA EDUCA\u00c7\u00c3O F\u00cdSICA, por ocasi\u00e3o do Anivers\u00e1rio dos 40 anos da Fertbra, pelo zelo, dedica\u00e7\u00e3o, presteza no trabalho e a\u00e7\u00f5es para o engrandecimento da Educa\u00e7\u00e3o F\u00edsica.<br><br><\/p>\n\n\n\t\t\t<!-- Cool Timeline Free V3.0.0 -->\n\t\t\t<div class=\"ctl-wrapper\" role=\"region\" aria-label=\"Timeline\">\n\t\t\t\t\t\t\t\t<div id=\"cool_timeline_3\" class=\"cool-timeline-wrapper ctl-both-sided ctl-vertical-wrapper\" >\n\t\t\t\t\t<div class=\"ctl-start\"><\/div>\n\t\t\t\t\t<!-- Timeline Container -->\n\t\t\t\t\t<div class=\"ctl-timeline ctl-timeline-container\" data-animation=\"none\">\n\t\t\t\t\t\t<!-- Center Line -->\n\t\t\t\t\t\t<div class=\"ctl-inner-line\" role=\"presentation\"><\/div>\n\t\t\t\t\t\t<!-- Story Year Section --><div data-cls=\"sc-nv-light vertical\" class=\"timeline-year scrollable-section ctl-year ctl-year-container light-year\" data-section-title=\"2018\" id=\"year-2018\"><div class=\"ctl-year-label ctl-year-text\"><span>2018<\/span><\/div><\/div><!-- Timeline Content --><div  id=\"ctl-story-398\" class=\"ctl-story ctl-story-dot-icon odd ctl-story-right\" data-aos=\"none\"   data-story-index=\"1\" role=\"article\"><!-- Story Date --><div class=\"ctl-labels\"><div class=\"ctl-label-big story-date\">September 10<\/div><\/div><!-- Story IconDot --><div class=\"ctl-icondot\"><\/div> <!-- Story Arrow --><div class=\"ctl-arrow\"><\/div><!-- Story Content --><div class=\"ctl-content\"><!-- Story Title --><div class=\"ctl-title story-398\" aria-label=\"2\"><a target=\"_self\" title=\"Comenda Benem\u00e9rita do Estado de S\u00e3o Paulo\" href=\"https:\/\/radiotaisso.com.br\/play\/index.php\/cool_timeline\/comenda-benemerita-do-estado-de-sao-paulo\/\" class=\"story-link\">Comenda Benem\u00e9rita do Estado de S\u00e3o Paulo<\/a><\/div><!-- Story Description --><div class=\"ctl-description\"><p>O Conselho Regional de Educa\u00e7\u00e3o F\u00edsica da 4\u00aa regi\u00e3o\/SP, homenageou a Federa\u00e7\u00e3o de R\u00e1dio Taiss\u00f4 do Brasil com a COMENDA BENEM\u00c9RITA DO ESTADO DE S\u00c3O PAULO CREF 4\/SP e a MEDALHA DA EDUCA\u00c7\u00c3O F\u00cdSICA.<\/p>\n<\/div><\/div><\/div><!-- Story Year Section --><div data-cls=\"sc-nv-light vertical\" class=\"timeline-year scrollable-section ctl-year ctl-year-container light-year\" data-section-title=\"1998\" id=\"year-1998\"><div class=\"ctl-year-label ctl-year-text\"><span>1998<\/span><\/div><\/div><!-- Timeline Content --><div  id=\"ctl-story-391\" class=\"ctl-story ctl-story-dot-icon even ctl-story-left\" data-aos=\"none\"   data-story-index=\"2\" role=\"article\"><!-- Story Date --><div class=\"ctl-labels\"><div class=\"ctl-label-big story-date\">January 1<\/div><\/div><!-- Story IconDot --><div class=\"ctl-icondot\"><\/div> <!-- Story Arrow --><div class=\"ctl-arrow\"><\/div><!-- Story Content --><div class=\"ctl-content\"><!-- Story Title --><div class=\"ctl-title story-391\" aria-label=\"2\"><a target=\"_self\" title=\"Gin\u00e1stica do Povo (Minna no Taiss\u00f4)\" href=\"https:\/\/radiotaisso.com.br\/play\/index.php\/cool_timeline\/ginastica-do-povo-minna-no-taisso\/\" class=\"story-link\">Gin\u00e1stica do Povo (Minna no Taiss\u00f4)<\/a><\/div><!-- Story Description --><div class=\"ctl-description\"><p>Outra modalidade de gin\u00e1stica denominada Gin\u00e1stica do Povo (Minna no Taiss\u00f4), que tem como princ\u00edpio a manuten\u00e7\u00e3o da sa\u00fade das pessoas da 3\u00aa idade.<\/p>\n<\/div><\/div><\/div><!-- Story Year Section --><div data-cls=\"sc-nv-light vertical\" class=\"timeline-year scrollable-section ctl-year ctl-year-container light-year\" data-section-title=\"1996\" id=\"year-1996\"><div class=\"ctl-year-label ctl-year-text\"><span>1996<\/span><\/div><\/div><!-- Timeline Content --><div  id=\"ctl-story-397\" class=\"ctl-story ctl-story-dot-icon odd ctl-story-right\" data-aos=\"none\"   data-story-index=\"3\" role=\"article\"><!-- Story Date --><div class=\"ctl-labels\"><div class=\"ctl-label-big story-date\">March 14<\/div><\/div><!-- Story IconDot --><div class=\"ctl-icondot\"><\/div> <!-- Story Arrow --><div class=\"ctl-arrow\"><\/div><!-- Story Content --><div class=\"ctl-content\"><!-- Story Title --><div class=\"ctl-title story-397\" aria-label=\"2\"><a target=\"_self\" title=\"Dia Estadual de R\u00e1dio Taiss\u00f4\" href=\"https:\/\/radiotaisso.com.br\/play\/index.php\/cool_timeline\/dia-estadual-de-radio-taisso\/\" class=\"story-link\">Dia Estadual de R\u00e1dio Taiss\u00f4<\/a><\/div><!-- Story Description --><div class=\"ctl-description\"><p>Em 14 de mar\u00e7o de 1996, foi sancionado em S\u00e3o Paulo o DIA ESTADUAL DE R\u00c1DIO TAISS\u00d4, comemorado no dia 18 de JUNHO, pela Lei 9.345.<\/p>\n<\/div><\/div><\/div><!-- Story Year Section --><div data-cls=\"sc-nv-light vertical\" class=\"timeline-year scrollable-section ctl-year ctl-year-container light-year\" data-section-title=\"1994\" id=\"year-1994\"><div class=\"ctl-year-label ctl-year-text\"><span>1994<\/span><\/div><\/div><!-- Timeline Content --><div  id=\"ctl-story-396\" class=\"ctl-story ctl-story-dot-icon even ctl-story-left\" data-aos=\"none\"   data-story-index=\"4\" role=\"article\"><!-- Story Date --><div class=\"ctl-labels\"><div class=\"ctl-label-big story-date\">December 28<\/div><\/div><!-- Story IconDot --><div class=\"ctl-icondot\"><\/div> <!-- Story Arrow --><div class=\"ctl-arrow\"><\/div><!-- Story Content --><div class=\"ctl-content\"><!-- Story Title --><div class=\"ctl-title story-396\" aria-label=\"2\"><a target=\"_self\" title=\"Dia Municipal de R\u00e1dio Taiss\u00f4\" href=\"https:\/\/radiotaisso.com.br\/play\/index.php\/cool_timeline\/dia-municipal-de-radio-taisso\/\" class=\"story-link\">Dia Municipal de R\u00e1dio Taiss\u00f4<\/a><\/div><!-- Story Description --><div class=\"ctl-description\"><p>Em 28 de dezembro de 1994, foi sancionado em S\u00e3o Paulo o DIA MUNICIPAL DE R\u00c1DIO TAISS\u00d4 para o dia 18 de JUNHO, Lei Municipal 11.701.<\/p>\n<\/div><\/div><\/div><!-- Story Year Section --><div data-cls=\"sc-nv-light vertical\" class=\"timeline-year scrollable-section ctl-year ctl-year-container light-year\" data-section-title=\"1991\" id=\"year-1991\"><div class=\"ctl-year-label ctl-year-text\"><span>1991<\/span><\/div><\/div><!-- Timeline Content --><div  id=\"ctl-story-395\" class=\"ctl-story ctl-story-dot-icon odd ctl-story-right\" data-aos=\"none\"   data-story-index=\"5\" role=\"article\"><!-- Story Date --><div class=\"ctl-labels\"><div class=\"ctl-label-big story-date\">March 20<\/div><\/div><!-- Story IconDot --><div class=\"ctl-icondot\"><\/div> <!-- Story Arrow --><div class=\"ctl-arrow\"><\/div><!-- Story Content --><div class=\"ctl-content\"><!-- Story Title --><div class=\"ctl-title story-395\" aria-label=\"2\"><a target=\"_self\" title=\"Origem da FERTBRA\" href=\"https:\/\/radiotaisso.com.br\/play\/index.php\/cool_timeline\/origem-da-fertbra\/\" class=\"story-link\">Origem da FERTBRA<\/a><\/div><!-- Story Description --><div class=\"ctl-description\"><p>Em 20 de mar\u00e7o de 1991, a raz\u00e3o social da Associa\u00e7\u00e3o de R\u00e1dio Taiss\u00f4 de S\u00e3o Paulo foi alterada para: FEDERA\u00c7\u00c3O DE R\u00c1DIO TAISS\u00d4 DO BRASIL (FERTBRA).<\/p>\n<\/div><\/div><\/div><!-- Story Year Section --><div data-cls=\"sc-nv-light vertical\" class=\"timeline-year scrollable-section ctl-year ctl-year-container light-year\" data-section-title=\"1985\" id=\"year-1985\"><div class=\"ctl-year-label ctl-year-text\"><span>1985<\/span><\/div><\/div><!-- Timeline Content --><div  id=\"ctl-story-394\" class=\"ctl-story ctl-story-dot-icon even ctl-story-left\" data-aos=\"none\"   data-story-index=\"6\" role=\"article\"><!-- Story Date --><div class=\"ctl-labels\"><div class=\"ctl-label-big story-date\">January 25<\/div><\/div><!-- Story IconDot --><div class=\"ctl-icondot\"><\/div> <!-- Story Arrow --><div class=\"ctl-arrow\"><\/div><!-- Story Content --><div class=\"ctl-content\"><!-- Story Title --><div class=\"ctl-title story-394\" aria-label=\"2\"><a target=\"_self\" title=\"Associa\u00e7\u00e3o de S\u00e3o Paulo\" href=\"https:\/\/radiotaisso.com.br\/play\/index.php\/cool_timeline\/associacao-de-sao-paulo\/\" class=\"story-link\">Associa\u00e7\u00e3o de S\u00e3o Paulo<\/a><\/div><!-- Story Description --><div class=\"ctl-description\"><p>Em 25 de janeiro de 1985, deu in\u00edcio a Associa\u00e7\u00e3o de R\u00e1dio Taiss\u00f4 de S\u00e3o Paulo.<\/p>\n<\/div><\/div><\/div><!-- Story Year Section --><div data-cls=\"sc-nv-light vertical\" class=\"timeline-year scrollable-section ctl-year ctl-year-container light-year\" data-section-title=\"1978\" id=\"year-1978\"><div class=\"ctl-year-label ctl-year-text\"><span>1978<\/span><\/div><\/div><!-- Timeline Content --><div  id=\"ctl-story-393\" class=\"ctl-story ctl-story-dot-icon odd ctl-story-right\" data-aos=\"none\"   data-story-index=\"7\" role=\"article\"><!-- Story Date --><div class=\"ctl-labels\"><div class=\"ctl-label-big story-date\">October 1<\/div><\/div><!-- Story IconDot --><div class=\"ctl-icondot\"><\/div> <!-- Story Arrow --><div class=\"ctl-arrow\"><\/div><!-- Story Content --><div class=\"ctl-content\"><!-- Story Title --><div class=\"ctl-title story-393\" aria-label=\"2\"><a target=\"_self\" title=\"Primeiro grupo de R\u00e1dio Taiss\u00f4 do Brasil\" href=\"https:\/\/radiotaisso.com.br\/play\/index.php\/cool_timeline\/primeiro-grupo-de-radio-taisso-do-brasil\/\" class=\"story-link\">Primeiro grupo de R\u00e1dio Taiss\u00f4 do Brasil<\/a><\/div><!-- Story Description --><div class=\"ctl-description\"><p>No Brasil, em 01 de outubro de 1978 formou-se a primeiro grupo de R\u00e1dio Taiss\u00f4, como Divis\u00e3o da Associa\u00e7\u00e3o dos Lojistas da Liberdade, em S\u00e3o Paulo.<\/p>\n<\/div><\/div><\/div><!-- Story Year Section --><div data-cls=\"sc-nv-light vertical\" class=\"timeline-year scrollable-section ctl-year ctl-year-container light-year\" data-section-title=\"1956\" id=\"year-1956\"><div class=\"ctl-year-label ctl-year-text\"><span>1956<\/span><\/div><\/div><!-- Timeline Content --><div  id=\"ctl-story-386\" class=\"ctl-story ctl-story-dot-icon even ctl-story-left\" data-aos=\"none\"   data-story-index=\"8\" role=\"article\"><!-- Story Date --><div class=\"ctl-labels\"><div class=\"ctl-label-big story-date\">March 1<\/div><\/div><!-- Story IconDot --><div class=\"ctl-icondot\"><\/div> <!-- Story Arrow --><div class=\"ctl-arrow\"><\/div><!-- Story Content --><div class=\"ctl-content\"><!-- Story Title --><div class=\"ctl-title story-386\" aria-label=\"2\"><a target=\"_self\" title=\"Can\u00e7\u00e3o do R\u00e1dio Taiss\u00f4\" href=\"https:\/\/radiotaisso.com.br\/play\/index.php\/cool_timeline\/cancao-do-radio-taisso\/\" class=\"story-link\">Can\u00e7\u00e3o do R\u00e1dio Taiss\u00f4<\/a><\/div><!-- Story Description --><div class=\"ctl-description\"><p>Em mar\u00e7o de 1956, foi composta e institu\u00edda a Can\u00e7\u00e3o do R\u00e1dio Taiss\u00f4. Em virtude do crescente aumento da popula\u00e7\u00e3o de idade avan\u00e7ada, foi elaborada e institu\u00edda.<\/p>\n<\/div><\/div><\/div><!-- Story Year Section --><div data-cls=\"sc-nv-light vertical\" class=\"timeline-year scrollable-section ctl-year ctl-year-container light-year\" data-section-title=\"1932\" id=\"year-1932\"><div class=\"ctl-year-label ctl-year-text\"><span>1932<\/span><\/div><\/div><!-- Timeline Content --><div  id=\"ctl-story-384\" class=\"ctl-story ctl-story-dot-icon odd ctl-story-right\" data-aos=\"none\"   data-story-index=\"9\" role=\"article\"><!-- Story Date --><div class=\"ctl-labels\"><div class=\"ctl-label-big story-date\">January 1<\/div><\/div><!-- Story IconDot --><div class=\"ctl-icondot\"><\/div> <!-- Story Arrow --><div class=\"ctl-arrow\"><\/div><!-- Story Content --><div class=\"ctl-content\"><!-- Story Title --><div class=\"ctl-title story-384\" aria-label=\"2\"><a target=\"_self\" title=\"Faixa et\u00e1ria entre 20 a 40 anos\" href=\"https:\/\/radiotaisso.com.br\/play\/index.php\/cool_timeline\/faixa-etaria-entre-20-a-40-anos\/\" class=\"story-link\">Faixa et\u00e1ria entre 20 a 40 anos<\/a><\/div><!-- Story Description --><div class=\"ctl-description\"><p>Em 1932, foi instituida a Gin\u00e1stica R\u00edtmica R\u00e1dio Taiss\u00f4 2, visando as pessoas da faixa et\u00e1ria entre 20 a 40 anos de idade.<\/p>\n<\/div><\/div><\/div><!-- Story Year Section --><div data-cls=\"sc-nv-light vertical\" class=\"timeline-year scrollable-section ctl-year ctl-year-container light-year\" data-section-title=\"1928\" id=\"year-1928\"><div class=\"ctl-year-label ctl-year-text\"><span>1928<\/span><\/div><\/div><!-- Timeline Content --><div  id=\"ctl-story-373\" class=\"ctl-story ctl-story-dot-icon even ctl-story-left\" data-aos=\"none\"   data-story-index=\"10\" role=\"article\"><!-- Story Date --><div class=\"ctl-labels\"><div class=\"ctl-label-big story-date\">November 1<\/div><\/div><!-- Story IconDot --><div class=\"ctl-icondot\"><\/div> <!-- Story Arrow --><div class=\"ctl-arrow\"><\/div><!-- Story Content --><div class=\"ctl-content\"><!-- Story Title --><div class=\"ctl-title story-373\" aria-label=\"2\"><a target=\"_self\" title=\"O In\u00edcio &#8211; Jap\u00e3o\" href=\"https:\/\/radiotaisso.com.br\/play\/index.php\/cool_timeline\/historia\/\" class=\"story-link\">O In\u00edcio &#8211; Jap\u00e3o<\/a><\/div><!-- Story Description --><div class=\"ctl-description\"><p>A Gin\u00e1stica R\u00e1dio Taiss\u00f4 foi transmitido pela Emissora de R\u00e1dio no dia 01 de novembro de 1928, com o comando de um profissional e as pessoas praticavam em seus lares, ou nas pra\u00e7as p\u00fablicas.<\/p>\n<\/div><\/div><\/div>\t\t\t\t\t<\/div>\n\t\t\t\t\t<div class=\"ctl-end\"><\/div>\n\t\t\t\t\t\t\t\t\t<\/div>\n\t\t\t<\/div>\n\t\t\t\n\n\n<p><\/p>\n","protected":false},"excerpt":{"rendered":"<p>GINASTICA R\u00cdTMICA R\u00c1DIO TAISS\u00d4 SIGNIFICADO \u00c9 uma gin\u00e1stica oriunda do Jap\u00e3o, nasceu ap\u00f3s a primeira guerra mundial quando pela escassez de alimentos, o povo estava muito debilitado e doente. Na \u00e9poca o comando era feito pelas ondas do r\u00e1dio e por um professor de Educa\u00e7\u00e3o F\u00edsica, e as pessoas seguindo o comando faziam os exerc\u00edcios em suas casas ou nas pra\u00e7as. Hoje, ela \u00e9 transmitida pela Televis\u00e3o, pelo Youtube, Instagran, Lives. A gin\u00e1stica r\u00edtmica Radio Taiss\u00f4 \u00e9 uma gin\u00e1stica ritmica, moderada, aer\u00f3bica, pois tem por finalidade exercitar o corpo para desenvolv\u00ea-lo e fortific\u00e1-lo, e pela m\u00fasica manter a harmonia dos movimentos. \u00c9 um exerc\u00edcio f\u00edsico moderado, com a finalidade de desenvolver e manter a aptid\u00e3o f\u00edsica, de maneira suave e benigna. ORIGEM A Gin\u00e1stica R\u00edtmica R\u00e1dio Taiss\u00f4 teve in\u00edcio no Jap\u00e3o, em 1928, com a iniciativa do Departamento de Seguro Simplificado do Minist\u00e9rio das Comunica\u00e7\u00f5es e apoio da N.H.K. (Nippon Hosso Kyokai) para preven\u00e7\u00e3o de enfermidades da \u00e9poca; foi enviado um requerimento ao Minist\u00e9rio da Educa\u00e7\u00e3o e \u00e0 Associa\u00e7\u00e3o das Companhias de Seguros de Vida, solicitando o planejamento do formato dos movimentos de R\u00e1dio Taiss\u00f4 e a sua divulga\u00e7\u00e3o. Foram escolhidos especialistas no assunto para compor a Comiss\u00e3o Executiva, com os seguintes objetivos: 1 \u2013 Poder praticar a gin\u00e1stica em qualquer lugar, por qualquer pessoa, em qualquer tempo e hora; 2 \u2013 Poder praticar com alegria, acompanhando a m\u00fasica e ao comando; 3 \u2013 Poder praticar com simplicidade, sem instrumentos especiais. A Gin\u00e1stica R\u00e1dio Taiss\u00f4 foi transmitida pela Emissora de R\u00e1dio no dia 01 de novembro de 1928, com o comando de um profissional e as pessoas praticavam em seus lares, ou nas pra\u00e7as p\u00fablicas. Em 1932, foi instituida a Gin\u00e1stica R\u00edtmica R\u00e1dio Taiss\u00f4 2, visando as pessoas da faixa et\u00e1ria entre 20 a 40 anos de idade. Em mar\u00e7o de 1956, foi composta e institu\u00edda a Can\u00e7\u00e3o do R\u00e1dio Taiss\u00f4. Em virtude do crescente aumento da popula\u00e7\u00e3o de idade avan\u00e7ada, foi elaborada e institu\u00edda, em 1998, uma outra modalidade de gin\u00e1stica denominada Gin\u00e1stica do Povo (Minna no Taiss\u00f4), que tem como princ\u00edpio a manuten\u00e7\u00e3o da sa\u00fade das pessoas da 3\u00aa idade. Atualmente no Jap\u00e3o, o incentivo e divulga\u00e7\u00e3o do R\u00e1dio Taiss\u00f4 s\u00e3o coordenadas pela Confedera\u00e7\u00e3o de R\u00e1dio Taiss\u00f4 do Jap\u00e3o e pela transmiss\u00e3o na televis\u00e3o pela N.H.K. ( Nippon Hosso Kyokai). RADIO TAISS\u00d4 NO BRASIL No Brasil, em 01 de outubro de 1978 formou-se a primeiro grupo de R\u00e1dio Taiss\u00f4, como Divis\u00e3o da Associa\u00e7\u00e3o dos Lojistas da Liberdade, em S\u00e3o Paulo. Em 25 de janeiro de 1985, deu in\u00edcio a Associa\u00e7\u00e3o de R\u00e1dio Taiss\u00f4 de S\u00e3o Paulo. Em 20 de mar\u00e7o de 1991, a raz\u00e3o social da Associa\u00e7\u00e3o de R\u00e1dio Taiss\u00f4 de S\u00e3o Paulo foi alterada para: FEDERA\u00c7\u00c3O DE R\u00c1DIO TAISS\u00d4 DO BRASIL (FERTBRA). Em 28 de dezembro de 1994, foi sancionado o DIA MUNICIPAL DE R\u00c1DIO TAISS\u00d4 para o dia 18 de JUNHO, Lei Municipal 11.701. Em 14 de mar\u00e7o de 1996, foi sancionado o DIA ESTADUAL DE R\u00c1DIO TAISS\u00d4, comemorado no dia 18 de JUNHO, pela Lei 9.345. Em 10 de setembro de 2018, o Conselho Regional de Educa\u00e7\u00e3o F\u00edsica da 4\u00aa regi\u00e3o \u2013 Estado de S\u00e3o Paulo, homenageou a Federa\u00e7\u00e3o de R\u00e1dio Taiss\u00f4 do Brasil com a COMENDA BENEM\u00c9RITA DO ESTADO DE S\u00c3O PAULO CREF 4\/SP e a MEDALHA DA EDUCA\u00c7\u00c3O F\u00cdSICA, por ocasi\u00e3o do Anivers\u00e1rio dos 40 anos da Fertbra, pelo zelo, dedica\u00e7\u00e3o, presteza no trabalho e a\u00e7\u00f5es para o engrandecimento da Educa\u00e7\u00e3o F\u00edsica.<\/p>\n","protected":false},"author":1,"featured_media":0,"parent":0,"menu_order":0,"comment_status":"closed","ping_status":"closed","template":"","meta":{"footnotes":""},"class_list":["post-70","page","type-page","status-publish","hentry"],"yoast_head":"<!-- This site is optimized with the Yoast SEO plugin v27.1.1 - https:\/\/yoast.com\/product\/yoast-seo-wordpress\/ -->\n<title>Hist\u00f3ria - Federa\u00e7\u00e3o de R\u00e1dio Taiss\u00f4 do Brasil<\/title>\n<meta name=\"robots\" content=\"index, follow, max-snippet:-1, max-image-preview:large, max-video-preview:-1\" \/>\n<link rel=\"canonical\" href=\"https:\/\/radiotaisso.com.br\/play\/index.php\/historia\/\" \/>\n<meta property=\"og:locale\" content=\"en_US\" \/>\n<meta property=\"og:type\" content=\"article\" \/>\n<meta property=\"og:title\" content=\"Hist\u00f3ria - Federa\u00e7\u00e3o de R\u00e1dio Taiss\u00f4 do Brasil\" \/>\n<meta property=\"og:description\" content=\"GINASTICA R\u00cdTMICA R\u00c1DIO TAISS\u00d4 SIGNIFICADO \u00c9 uma gin\u00e1stica oriunda do Jap\u00e3o, nasceu ap\u00f3s a primeira guerra mundial quando pela escassez de alimentos, o povo estava muito debilitado e doente. Na \u00e9poca o comando era feito pelas ondas do r\u00e1dio e por um professor de Educa\u00e7\u00e3o F\u00edsica, e as pessoas seguindo o comando faziam os exerc\u00edcios em suas casas ou nas pra\u00e7as. Hoje, ela \u00e9 transmitida pela Televis\u00e3o, pelo Youtube, Instagran, Lives. A gin\u00e1stica r\u00edtmica Radio Taiss\u00f4 \u00e9 uma gin\u00e1stica ritmica, moderada, aer\u00f3bica, pois tem por finalidade exercitar o corpo para desenvolv\u00ea-lo e fortific\u00e1-lo, e pela m\u00fasica manter a harmonia dos movimentos. \u00c9 um exerc\u00edcio f\u00edsico moderado, com a finalidade de desenvolver e manter a aptid\u00e3o f\u00edsica, de maneira suave e benigna. ORIGEM A Gin\u00e1stica R\u00edtmica R\u00e1dio Taiss\u00f4 teve in\u00edcio no Jap\u00e3o, em 1928, com a iniciativa do Departamento de Seguro Simplificado do Minist\u00e9rio das Comunica\u00e7\u00f5es e apoio da N.H.K. (Nippon Hosso Kyokai) para preven\u00e7\u00e3o de enfermidades da \u00e9poca; foi enviado um requerimento ao Minist\u00e9rio da Educa\u00e7\u00e3o e \u00e0 Associa\u00e7\u00e3o das Companhias de Seguros de Vida, solicitando o planejamento do formato dos movimentos de R\u00e1dio Taiss\u00f4 e a sua divulga\u00e7\u00e3o. Foram escolhidos especialistas no assunto para compor a Comiss\u00e3o Executiva, com os seguintes objetivos: 1 \u2013 Poder praticar a gin\u00e1stica em qualquer lugar, por qualquer pessoa, em qualquer tempo e hora; 2 \u2013 Poder praticar com alegria, acompanhando a m\u00fasica e ao comando; 3 \u2013 Poder praticar com simplicidade, sem instrumentos especiais. A Gin\u00e1stica R\u00e1dio Taiss\u00f4 foi transmitida pela Emissora de R\u00e1dio no dia 01 de novembro de 1928, com o comando de um profissional e as pessoas praticavam em seus lares, ou nas pra\u00e7as p\u00fablicas. Em 1932, foi instituida a Gin\u00e1stica R\u00edtmica R\u00e1dio Taiss\u00f4 2, visando as pessoas da faixa et\u00e1ria entre 20 a 40 anos de idade. Em mar\u00e7o de 1956, foi composta e institu\u00edda a Can\u00e7\u00e3o do R\u00e1dio Taiss\u00f4. Em virtude do crescente aumento da popula\u00e7\u00e3o de idade avan\u00e7ada, foi elaborada e institu\u00edda, em 1998, uma outra modalidade de gin\u00e1stica denominada Gin\u00e1stica do Povo (Minna no Taiss\u00f4), que tem como princ\u00edpio a manuten\u00e7\u00e3o da sa\u00fade das pessoas da 3\u00aa idade. Atualmente no Jap\u00e3o, o incentivo e divulga\u00e7\u00e3o do R\u00e1dio Taiss\u00f4 s\u00e3o coordenadas pela Confedera\u00e7\u00e3o de R\u00e1dio Taiss\u00f4 do Jap\u00e3o e pela transmiss\u00e3o na televis\u00e3o pela N.H.K. ( Nippon Hosso Kyokai). RADIO TAISS\u00d4 NO BRASIL No Brasil, em 01 de outubro de 1978 formou-se a primeiro grupo de R\u00e1dio Taiss\u00f4, como Divis\u00e3o da Associa\u00e7\u00e3o dos Lojistas da Liberdade, em S\u00e3o Paulo. Em 25 de janeiro de 1985, deu in\u00edcio a Associa\u00e7\u00e3o de R\u00e1dio Taiss\u00f4 de S\u00e3o Paulo. Em 20 de mar\u00e7o de 1991, a raz\u00e3o social da Associa\u00e7\u00e3o de R\u00e1dio Taiss\u00f4 de S\u00e3o Paulo foi alterada para: FEDERA\u00c7\u00c3O DE R\u00c1DIO TAISS\u00d4 DO BRASIL (FERTBRA). Em 28 de dezembro de 1994, foi sancionado o DIA MUNICIPAL DE R\u00c1DIO TAISS\u00d4 para o dia 18 de JUNHO, Lei Municipal 11.701. Em 14 de mar\u00e7o de 1996, foi sancionado o DIA ESTADUAL DE R\u00c1DIO TAISS\u00d4, comemorado no dia 18 de JUNHO, pela Lei 9.345. Em 10 de setembro de 2018, o Conselho Regional de Educa\u00e7\u00e3o F\u00edsica da 4\u00aa regi\u00e3o \u2013 Estado de S\u00e3o Paulo, homenageou a Federa\u00e7\u00e3o de R\u00e1dio Taiss\u00f4 do Brasil com a COMENDA BENEM\u00c9RITA DO ESTADO DE S\u00c3O PAULO CREF 4\/SP e a MEDALHA DA EDUCA\u00c7\u00c3O F\u00cdSICA, por ocasi\u00e3o do Anivers\u00e1rio dos 40 anos da Fertbra, pelo zelo, dedica\u00e7\u00e3o, presteza no trabalho e a\u00e7\u00f5es para o engrandecimento da Educa\u00e7\u00e3o F\u00edsica.\" \/>\n<meta property=\"og:url\" content=\"https:\/\/radiotaisso.com.br\/play\/index.php\/historia\/\" \/>\n<meta property=\"og:site_name\" content=\"Federa\u00e7\u00e3o de R\u00e1dio Taiss\u00f4 do Brasil\" \/>\n<meta property=\"article:publisher\" content=\"https:\/\/www.facebook.com\/RadioTaissodoBrasil\" \/>\n<meta property=\"article:modified_time\" content=\"2025-01-09T14:44:36+00:00\" \/>\n<meta property=\"og:image\" content=\"http:\/\/radiotaisso.com.br\/play\/wp-content\/uploads\/2025\/01\/60.jpg\" \/>\n<meta name=\"twitter:card\" content=\"summary_large_image\" \/>\n<meta name=\"twitter:label1\" content=\"Est. reading time\" \/>\n\t<meta name=\"twitter:data1\" content=\"3 minutes\" \/>\n<script type=\"application\/ld+json\" class=\"yoast-schema-graph\">{\"@context\":\"https:\/\/schema.org\",\"@graph\":[{\"@type\":\"WebPage\",\"@id\":\"https:\/\/radiotaisso.com.br\/play\/index.php\/historia\/\",\"url\":\"https:\/\/radiotaisso.com.br\/play\/index.php\/historia\/\",\"name\":\"Hist\u00f3ria - Federa\u00e7\u00e3o de R\u00e1dio Taiss\u00f4 do Brasil\",\"isPartOf\":{\"@id\":\"https:\/\/radiotaisso.com.br\/play\/#website\"},\"primaryImageOfPage\":{\"@id\":\"https:\/\/radiotaisso.com.br\/play\/index.php\/historia\/#primaryimage\"},\"image\":{\"@id\":\"https:\/\/radiotaisso.com.br\/play\/index.php\/historia\/#primaryimage\"},\"thumbnailUrl\":\"http:\/\/radiotaisso.com.br\/play\/wp-content\/uploads\/2025\/01\/60.jpg\",\"datePublished\":\"2025-01-02T22:18:45+00:00\",\"dateModified\":\"2025-01-09T14:44:36+00:00\",\"breadcrumb\":{\"@id\":\"https:\/\/radiotaisso.com.br\/play\/index.php\/historia\/#breadcrumb\"},\"inLanguage\":\"en-US\",\"potentialAction\":[{\"@type\":\"ReadAction\",\"target\":[\"https:\/\/radiotaisso.com.br\/play\/index.php\/historia\/\"]}]},{\"@type\":\"ImageObject\",\"inLanguage\":\"en-US\",\"@id\":\"https:\/\/radiotaisso.com.br\/play\/index.php\/historia\/#primaryimage\",\"url\":\"https:\/\/radiotaisso.com.br\/play\/wp-content\/uploads\/2025\/01\/60.jpg\",\"contentUrl\":\"https:\/\/radiotaisso.com.br\/play\/wp-content\/uploads\/2025\/01\/60.jpg\",\"width\":894,\"height\":333},{\"@type\":\"BreadcrumbList\",\"@id\":\"https:\/\/radiotaisso.com.br\/play\/index.php\/historia\/#breadcrumb\",\"itemListElement\":[{\"@type\":\"ListItem\",\"position\":1,\"name\":\"In\u00edcio\",\"item\":\"https:\/\/radiotaisso.com.br\/play\/\"},{\"@type\":\"ListItem\",\"position\":2,\"name\":\"Hist\u00f3ria\"}]},{\"@type\":\"WebSite\",\"@id\":\"https:\/\/radiotaisso.com.br\/play\/#website\",\"url\":\"https:\/\/radiotaisso.com.br\/play\/\",\"name\":\"Federa\u00e7\u00e3o de R\u00e1dio Taiss\u00f4 do Brasil\",\"description\":\"Federa\u00e7\u00e3o de R\u00e1dio Taiss\u00f4 do Brasil \",\"publisher\":{\"@id\":\"https:\/\/radiotaisso.com.br\/play\/#organization\"},\"potentialAction\":[{\"@type\":\"SearchAction\",\"target\":{\"@type\":\"EntryPoint\",\"urlTemplate\":\"https:\/\/radiotaisso.com.br\/play\/?s={search_term_string}\"},\"query-input\":{\"@type\":\"PropertyValueSpecification\",\"valueRequired\":true,\"valueName\":\"search_term_string\"}}],\"inLanguage\":\"en-US\"},{\"@type\":\"Organization\",\"@id\":\"https:\/\/radiotaisso.com.br\/play\/#organization\",\"name\":\"FERTBRA\",\"url\":\"https:\/\/radiotaisso.com.br\/play\/\",\"logo\":{\"@type\":\"ImageObject\",\"inLanguage\":\"en-US\",\"@id\":\"https:\/\/radiotaisso.com.br\/play\/#\/schema\/logo\/image\/\",\"url\":\"https:\/\/radiotaisso.com.br\/play\/wp-content\/uploads\/2025\/01\/logo_taisso2.png\",\"contentUrl\":\"https:\/\/radiotaisso.com.br\/play\/wp-content\/uploads\/2025\/01\/logo_taisso2.png\",\"width\":483,\"height\":397,\"caption\":\"FERTBRA\"},\"image\":{\"@id\":\"https:\/\/radiotaisso.com.br\/play\/#\/schema\/logo\/image\/\"},\"sameAs\":[\"https:\/\/www.facebook.com\/RadioTaissodoBrasil\",\"https:\/\/www.instagram.com\/federacaoderadiotaissodobrasil\",\"https:\/\/www.youtube.com\/@FederacaoRadioTaissodoBrasil\"]}]}<\/script>\n<!-- \/ Yoast SEO plugin. -->","yoast_head_json":{"title":"Hist\u00f3ria - Federa\u00e7\u00e3o de R\u00e1dio Taiss\u00f4 do Brasil","robots":{"index":"index","follow":"follow","max-snippet":"max-snippet:-1","max-image-preview":"max-image-preview:large","max-video-preview":"max-video-preview:-1"},"canonical":"https:\/\/radiotaisso.com.br\/play\/index.php\/historia\/","og_locale":"en_US","og_type":"article","og_title":"Hist\u00f3ria - Federa\u00e7\u00e3o de R\u00e1dio Taiss\u00f4 do Brasil","og_description":"GINASTICA R\u00cdTMICA R\u00c1DIO TAISS\u00d4 SIGNIFICADO \u00c9 uma gin\u00e1stica oriunda do Jap\u00e3o, nasceu ap\u00f3s a primeira guerra mundial quando pela escassez de alimentos, o povo estava muito debilitado e doente. Na \u00e9poca o comando era feito pelas ondas do r\u00e1dio e por um professor de Educa\u00e7\u00e3o F\u00edsica, e as pessoas seguindo o comando faziam os exerc\u00edcios em suas casas ou nas pra\u00e7as. Hoje, ela \u00e9 transmitida pela Televis\u00e3o, pelo Youtube, Instagran, Lives. A gin\u00e1stica r\u00edtmica Radio Taiss\u00f4 \u00e9 uma gin\u00e1stica ritmica, moderada, aer\u00f3bica, pois tem por finalidade exercitar o corpo para desenvolv\u00ea-lo e fortific\u00e1-lo, e pela m\u00fasica manter a harmonia dos movimentos. \u00c9 um exerc\u00edcio f\u00edsico moderado, com a finalidade de desenvolver e manter a aptid\u00e3o f\u00edsica, de maneira suave e benigna. ORIGEM A Gin\u00e1stica R\u00edtmica R\u00e1dio Taiss\u00f4 teve in\u00edcio no Jap\u00e3o, em 1928, com a iniciativa do Departamento de Seguro Simplificado do Minist\u00e9rio das Comunica\u00e7\u00f5es e apoio da N.H.K. (Nippon Hosso Kyokai) para preven\u00e7\u00e3o de enfermidades da \u00e9poca; foi enviado um requerimento ao Minist\u00e9rio da Educa\u00e7\u00e3o e \u00e0 Associa\u00e7\u00e3o das Companhias de Seguros de Vida, solicitando o planejamento do formato dos movimentos de R\u00e1dio Taiss\u00f4 e a sua divulga\u00e7\u00e3o. Foram escolhidos especialistas no assunto para compor a Comiss\u00e3o Executiva, com os seguintes objetivos: 1 \u2013 Poder praticar a gin\u00e1stica em qualquer lugar, por qualquer pessoa, em qualquer tempo e hora; 2 \u2013 Poder praticar com alegria, acompanhando a m\u00fasica e ao comando; 3 \u2013 Poder praticar com simplicidade, sem instrumentos especiais. A Gin\u00e1stica R\u00e1dio Taiss\u00f4 foi transmitida pela Emissora de R\u00e1dio no dia 01 de novembro de 1928, com o comando de um profissional e as pessoas praticavam em seus lares, ou nas pra\u00e7as p\u00fablicas. Em 1932, foi instituida a Gin\u00e1stica R\u00edtmica R\u00e1dio Taiss\u00f4 2, visando as pessoas da faixa et\u00e1ria entre 20 a 40 anos de idade. Em mar\u00e7o de 1956, foi composta e institu\u00edda a Can\u00e7\u00e3o do R\u00e1dio Taiss\u00f4. Em virtude do crescente aumento da popula\u00e7\u00e3o de idade avan\u00e7ada, foi elaborada e institu\u00edda, em 1998, uma outra modalidade de gin\u00e1stica denominada Gin\u00e1stica do Povo (Minna no Taiss\u00f4), que tem como princ\u00edpio a manuten\u00e7\u00e3o da sa\u00fade das pessoas da 3\u00aa idade. Atualmente no Jap\u00e3o, o incentivo e divulga\u00e7\u00e3o do R\u00e1dio Taiss\u00f4 s\u00e3o coordenadas pela Confedera\u00e7\u00e3o de R\u00e1dio Taiss\u00f4 do Jap\u00e3o e pela transmiss\u00e3o na televis\u00e3o pela N.H.K. ( Nippon Hosso Kyokai). RADIO TAISS\u00d4 NO BRASIL No Brasil, em 01 de outubro de 1978 formou-se a primeiro grupo de R\u00e1dio Taiss\u00f4, como Divis\u00e3o da Associa\u00e7\u00e3o dos Lojistas da Liberdade, em S\u00e3o Paulo. Em 25 de janeiro de 1985, deu in\u00edcio a Associa\u00e7\u00e3o de R\u00e1dio Taiss\u00f4 de S\u00e3o Paulo. Em 20 de mar\u00e7o de 1991, a raz\u00e3o social da Associa\u00e7\u00e3o de R\u00e1dio Taiss\u00f4 de S\u00e3o Paulo foi alterada para: FEDERA\u00c7\u00c3O DE R\u00c1DIO TAISS\u00d4 DO BRASIL (FERTBRA). Em 28 de dezembro de 1994, foi sancionado o DIA MUNICIPAL DE R\u00c1DIO TAISS\u00d4 para o dia 18 de JUNHO, Lei Municipal 11.701. Em 14 de mar\u00e7o de 1996, foi sancionado o DIA ESTADUAL DE R\u00c1DIO TAISS\u00d4, comemorado no dia 18 de JUNHO, pela Lei 9.345. Em 10 de setembro de 2018, o Conselho Regional de Educa\u00e7\u00e3o F\u00edsica da 4\u00aa regi\u00e3o \u2013 Estado de S\u00e3o Paulo, homenageou a Federa\u00e7\u00e3o de R\u00e1dio Taiss\u00f4 do Brasil com a COMENDA BENEM\u00c9RITA DO ESTADO DE S\u00c3O PAULO CREF 4\/SP e a MEDALHA DA EDUCA\u00c7\u00c3O F\u00cdSICA, por ocasi\u00e3o do Anivers\u00e1rio dos 40 anos da Fertbra, pelo zelo, dedica\u00e7\u00e3o, presteza no trabalho e a\u00e7\u00f5es para o engrandecimento da Educa\u00e7\u00e3o F\u00edsica.","og_url":"https:\/\/radiotaisso.com.br\/play\/index.php\/historia\/","og_site_name":"Federa\u00e7\u00e3o de R\u00e1dio Taiss\u00f4 do Brasil","article_publisher":"https:\/\/www.facebook.com\/RadioTaissodoBrasil","article_modified_time":"2025-01-09T14:44:36+00:00","og_image":[{"url":"http:\/\/radiotaisso.com.br\/play\/wp-content\/uploads\/2025\/01\/60.jpg","type":"","width":"","height":""}],"twitter_card":"summary_large_image","twitter_misc":{"Est. reading time":"3 minutes"},"schema":{"@context":"https:\/\/schema.org","@graph":[{"@type":"WebPage","@id":"https:\/\/radiotaisso.com.br\/play\/index.php\/historia\/","url":"https:\/\/radiotaisso.com.br\/play\/index.php\/historia\/","name":"Hist\u00f3ria - Federa\u00e7\u00e3o de R\u00e1dio Taiss\u00f4 do Brasil","isPartOf":{"@id":"https:\/\/radiotaisso.com.br\/play\/#website"},"primaryImageOfPage":{"@id":"https:\/\/radiotaisso.com.br\/play\/index.php\/historia\/#primaryimage"},"image":{"@id":"https:\/\/radiotaisso.com.br\/play\/index.php\/historia\/#primaryimage"},"thumbnailUrl":"http:\/\/radiotaisso.com.br\/play\/wp-content\/uploads\/2025\/01\/60.jpg","datePublished":"2025-01-02T22:18:45+00:00","dateModified":"2025-01-09T14:44:36+00:00","breadcrumb":{"@id":"https:\/\/radiotaisso.com.br\/play\/index.php\/historia\/#breadcrumb"},"inLanguage":"en-US","potentialAction":[{"@type":"ReadAction","target":["https:\/\/radiotaisso.com.br\/play\/index.php\/historia\/"]}]},{"@type":"ImageObject","inLanguage":"en-US","@id":"https:\/\/radiotaisso.com.br\/play\/index.php\/historia\/#primaryimage","url":"https:\/\/radiotaisso.com.br\/play\/wp-content\/uploads\/2025\/01\/60.jpg","contentUrl":"https:\/\/radiotaisso.com.br\/play\/wp-content\/uploads\/2025\/01\/60.jpg","width":894,"height":333},{"@type":"BreadcrumbList","@id":"https:\/\/radiotaisso.com.br\/play\/index.php\/historia\/#breadcrumb","itemListElement":[{"@type":"ListItem","position":1,"name":"In\u00edcio","item":"https:\/\/radiotaisso.com.br\/play\/"},{"@type":"ListItem","position":2,"name":"Hist\u00f3ria"}]},{"@type":"WebSite","@id":"https:\/\/radiotaisso.com.br\/play\/#website","url":"https:\/\/radiotaisso.com.br\/play\/","name":"Federa\u00e7\u00e3o de R\u00e1dio Taiss\u00f4 do Brasil","description":"Federa\u00e7\u00e3o de R\u00e1dio Taiss\u00f4 do Brasil ","publisher":{"@id":"https:\/\/radiotaisso.com.br\/play\/#organization"},"potentialAction":[{"@type":"SearchAction","target":{"@type":"EntryPoint","urlTemplate":"https:\/\/radiotaisso.com.br\/play\/?s={search_term_string}"},"query-input":{"@type":"PropertyValueSpecification","valueRequired":true,"valueName":"search_term_string"}}],"inLanguage":"en-US"},{"@type":"Organization","@id":"https:\/\/radiotaisso.com.br\/play\/#organization","name":"FERTBRA","url":"https:\/\/radiotaisso.com.br\/play\/","logo":{"@type":"ImageObject","inLanguage":"en-US","@id":"https:\/\/radiotaisso.com.br\/play\/#\/schema\/logo\/image\/","url":"https:\/\/radiotaisso.com.br\/play\/wp-content\/uploads\/2025\/01\/logo_taisso2.png","contentUrl":"https:\/\/radiotaisso.com.br\/play\/wp-content\/uploads\/2025\/01\/logo_taisso2.png","width":483,"height":397,"caption":"FERTBRA"},"image":{"@id":"https:\/\/radiotaisso.com.br\/play\/#\/schema\/logo\/image\/"},"sameAs":["https:\/\/www.facebook.com\/RadioTaissodoBrasil","https:\/\/www.instagram.com\/federacaoderadiotaissodobrasil","https:\/\/www.youtube.com\/@FederacaoRadioTaissodoBrasil"]}]}},"_links":{"self":[{"href":"https:\/\/radiotaisso.com.br\/play\/index.php\/wp-json\/wp\/v2\/pages\/70","targetHints":{"allow":["GET"]}}],"collection":[{"href":"https:\/\/radiotaisso.com.br\/play\/index.php\/wp-json\/wp\/v2\/pages"}],"about":[{"href":"https:\/\/radiotaisso.com.br\/play\/index.php\/wp-json\/wp\/v2\/types\/page"}],"author":[{"embeddable":true,"href":"https:\/\/radiotaisso.com.br\/play\/index.php\/wp-json\/wp\/v2\/users\/1"}],"replies":[{"embeddable":true,"href":"https:\/\/radiotaisso.com.br\/play\/index.php\/wp-json\/wp\/v2\/comments?post=70"}],"version-history":[{"count":19,"href":"https:\/\/radiotaisso.com.br\/play\/index.php\/wp-json\/wp\/v2\/pages\/70\/revisions"}],"predecessor-version":[{"id":955,"href":"https:\/\/radiotaisso.com.br\/play\/index.php\/wp-json\/wp\/v2\/pages\/70\/revisions\/955"}],"wp:attachment":[{"href":"https:\/\/radiotaisso.com.br\/play\/index.php\/wp-json\/wp\/v2\/media?parent=70"}],"curies":[{"name":"wp","href":"https:\/\/api.w.org\/{rel}","templated":true}]}}